{"id":7,"date":"2018-11-25T19:05:20","date_gmt":"2018-11-25T19:05:20","guid":{"rendered":"https:\/\/fgv.nu:5443\/?page_id=7"},"modified":"2018-11-25T19:05:20","modified_gmt":"2018-11-25T19:05:20","slug":"chalmersspexets-historia","status":"publish","type":"page","link":"https:\/\/fgv.nu\/?page_id=7","title":{"rendered":"Chalmersspexets historia"},"content":{"rendered":"<p>Chalmersspexet startade 1948 i och med upps\u00e4ttningen av f\u00f6rest\u00e4llningen Bojan. Under de f\u00f6rsta \u00e5ren gick Chalmersspexet \u00f6msom med vinst och \u00f6msom med f\u00f6rlust. Organisationen och strukturen var mycket l\u00f6s och spexet var ofta tvunget till att l\u00e5na pengar av studentk\u00e5ren f\u00f6r att kunna forts\u00e4tta sin verksamhet. Dessa pengar skulle dock \u00e5terbetalas och i b\u00f6rjan av 1970-talet var Chalmersspexet skyldig studentk\u00e5ren en del pengar.<\/p>\n<p>1973 bildades d\u00e4rf\u00f6r Jubileumsfonden vars syfte var att med hj\u00e4lp av \u00e4ldre spexare s\u00e4kerst\u00e4lla kontinuiteten samt f\u00e5 ordning p\u00e5 spexets ekonomi och dokumentation. Medlemmar i Jubileumsfonden var n\u00e5gra gamla spexare samt \u00e5rets spexdirecteur\/casseur och en person som representant fr\u00e5n K\u00e5rstyrelsen. Efter ett par \u00e5r hade alla skulder betalats tillbaka till studentk\u00e5ren och sedan dess har inga ytterligare pengar l\u00e5nats.<\/p>\n<p>1987 ombildades Jubileumsfonden p\u00e5 grund av \u00e4ndrade skatteregler och d\u00e4rmed bildades <strong>F<\/strong>\u00f6reningen <strong>G<\/strong>amla <strong>V<\/strong>\u00e4star. <strong>FGV<\/strong> \u00e4r en ideell f\u00f6rening och har till \u00e4ndam\u00e5l att fr\u00e4mja Chalmersspexets framtida fortbest\u00e5nd samt verka f\u00f6r dess dokumentation. Vidare f\u00f6rvaltas f\u00f6reningen av en styrelse som skall ha sitt s\u00e4te i G\u00f6teborg och best\u00e5 av fem ordinarie ledam\u00f6ter, Inspextor och Inspextris f\u00f6r Chalmersspexet Bob och Chalmersspexet Vera samt directeur, casseur och skivkommitt\u00e9 fr\u00e5n respektive spex.<\/p>\n<p>Ut\u00f6ver detta formaliserades Spexfonden vilken ligger under studentk\u00e5ren. Spexfonden f\u00f6rvaltas av k\u00e5ren och har som \u00e4ndam\u00e5l att garantera Chalmersspexens fortbest\u00e5nd. <strong>FGV:s<\/strong> ordf\u00f6rande sitter med i den fondkommitt\u00e9 som beslutar om eventuella uttag ur Spexfonden.<\/p>\n","protected":false},"excerpt":{"rendered":"<p>Chalmersspexet startade 1948 i och med upps\u00e4ttningen av f\u00f6rest\u00e4llningen Bojan. Under de f\u00f6rsta \u00e5ren gick Chalmersspexet \u00f6msom med vinst och \u00f6msom med f\u00f6rlust. Organisationen och strukturen var mycket l\u00f6s och spexet var ofta tvunget till att l\u00e5na pengar av studentk\u00e5ren f\u00f6r att kunna forts\u00e4tta sin verksamhet. Dessa pengar skulle dock \u00e5terbetalas och i b\u00f6rjan av&hellip;&nbsp;<a href=\"https:\/\/fgv.nu\/?page_id=7\" class=\"\" rel=\"bookmark\">Read More &raquo;<span class=\"screen-reader-text\">Chalmersspexets historia<\/span><\/a><\/p>\n","protected":false},"author":2,"featured_media":0,"parent":0,"menu_order":0,"comment_status":"closed","ping_status":"closed","template":"","meta":{"neve_meta_sidebar":"","neve_meta_container":"","neve_meta_enable_content_width":"","neve_meta_content_width":70,"neve_meta_title_alignment":"","neve_meta_author_avatar":"","neve_post_elements_order":"","neve_meta_disable_header":"","neve_meta_disable_footer":"","neve_meta_disable_title":"","footnotes":""},"class_list":["post-7","page","type-page","status-publish","hentry"],"_links":{"self":[{"href":"https:\/\/fgv.nu\/index.php?rest_route=\/wp\/v2\/pages\/7","targetHints":{"allow":["GET"]}}],"collection":[{"href":"https:\/\/fgv.nu\/index.php?rest_route=\/wp\/v2\/pages"}],"about":[{"href":"https:\/\/fgv.nu\/index.php?rest_route=\/wp\/v2\/types\/page"}],"author":[{"embeddable":true,"href":"https:\/\/fgv.nu\/index.php?rest_route=\/wp\/v2\/users\/2"}],"replies":[{"embeddable":true,"href":"https:\/\/fgv.nu\/index.php?rest_route=%2Fwp%2Fv2%2Fcomments&post=7"}],"version-history":[{"count":1,"href":"https:\/\/fgv.nu\/index.php?rest_route=\/wp\/v2\/pages\/7\/revisions"}],"predecessor-version":[{"id":8,"href":"https:\/\/fgv.nu\/index.php?rest_route=\/wp\/v2\/pages\/7\/revisions\/8"}],"wp:attachment":[{"href":"https:\/\/fgv.nu\/index.php?rest_route=%2Fwp%2Fv2%2Fmedia&parent=7"}],"curies":[{"name":"wp","href":"https:\/\/api.w.org\/{rel}","templated":true}]}}